{"id":414,"date":"2022-04-05T08:23:36","date_gmt":"2022-04-05T06:23:36","guid":{"rendered":"https:\/\/asakroken.sv7.se\/?post_type=tribe_events&#038;p=414"},"modified":"2022-05-08T12:04:51","modified_gmt":"2022-05-08T10:04:51","slug":"varstadning-arsmote","status":"publish","type":"tribe_events","link":"https:\/\/asakroken.sv7.se\/?tribe_events=varstadning-arsmote","title":{"rendered":"V\u00e5rst\u00e4dning samt \u00c5rsm\u00f6te"},"content":{"rendered":"\r\n<figure class=\"wp-block-image size-full is-resized\"><a href=\"https:\/\/asakroken.sv7.se\/wp-content\/uploads\/2022\/03\/image.png\"><img loading=\"lazy\" decoding=\"async\" class=\"wp-image-404\" src=\"https:\/\/asakroken.sv7.se\/wp-content\/uploads\/2022\/03\/image.png\" alt=\"\" width=\"319\" height=\"272\" \/><\/a><\/figure>\r\n\r\n\r\n\r\n<p><strong><em>V\u00e5rst\u00e4dning\/\u00c5rsm\u00f6te<\/em><\/strong><\/p>\r\n<p>Dags f\u00f6r \u00e5rsm\u00f6te med efterf\u00f6ljande v\u00e5rst\u00e4dning.<\/p>\r\n<p><strong>S\u00f6ndagen den 8 maj kl.10:00-14:00.<\/strong><\/p>\r\n<p>Vi b\u00f6rjar med samling till \u00e5rsm\u00f6te vid garagen vid gr\u00f6nomr\u00e5det. D\u00e4refter blir det v\u00e5rst\u00e4dningen och vi forts\u00e4tter sedan med st\u00e4dningen tills vi k\u00e4nner oss klara och allt \u00e4r genomg\u00e5nget. Ang\u00e5ende korvgrillning s\u00e5 har vi \u00e4nnu inte tagit beslut om den skall genomf\u00f6ras.<\/p>\r\n<p>Beh\u00f6ver n\u00e5got \u00e5tg\u00e4rdas i ert n\u00e4romr\u00e5de, kontakta d\u00e5 styrelsen i god tid s\u00e5 att vi kan best\u00e4lla material mm.<\/p>\r\n<p>Vi sopar gatorna, st\u00e4dar upp kring lekplatserna och i sandl\u00e5dorna samt l\u00e4gger ut t\u00e4ckbark under buskar osv. Blomkrukor plockas fram och parkeringsrutor m\u00e5las om v\u00e4dret till\u00e5ter.<\/p>\r\n<p>Viktigt att alla \u00e4r med \u00e4nda tills vi g\u00e5tt igenom hela omr\u00e5det. Alla beh\u00f6vs f\u00f6r att vi skall h\u00e5lla v\u00e5rat omr\u00e5de trivsamt!<\/p>\r\n<p>Styrelsen<\/p>\r\n\r\n\r\n\r\n\r\n\r\n\r\n\r\n\r\n\r\n\r\n\r\n\r\n\r\n\r\n","protected":false},"excerpt":{"rendered":"<p>V\u00e5rst\u00e4dning\/\u00c5rsm\u00f6te Dags f\u00f6r \u00e5rsm\u00f6te med efterf\u00f6ljande v\u00e5rst\u00e4dning. S\u00f6ndagen den 8 maj kl.10:00-14:00. Vi b\u00f6rjar med samling till \u00e5rsm\u00f6te vid garagen vid gr\u00f6nomr\u00e5det. D\u00e4refter blir det v\u00e5rst\u00e4dningen och vi forts\u00e4tter sedan med st\u00e4dningen tills vi k\u00e4nner oss klara och allt \u00e4r &hellip; <a href=\"https:\/\/asakroken.sv7.se\/?tribe_events=varstadning-arsmote\">Forts\u00e4tt l\u00e4sa <span class=\"meta-nav\">&rarr;<\/span><\/a><\/p>\n","protected":false},"author":2,"featured_media":0,"comment_status":"open","ping_status":"closed","template":"","meta":{"_tribe_events_status":"","_tribe_events_status_reason":"","footnotes":""},"tags":[],"tribe_events_cat":[],"class_list":["post-414","tribe_events","type-tribe_events","status-publish","hentry"],"_links":{"self":[{"href":"https:\/\/asakroken.sv7.se\/index.php?rest_route=\/wp\/v2\/tribe_events\/414","targetHints":{"allow":["GET"]}}],"collection":[{"href":"https:\/\/asakroken.sv7.se\/index.php?rest_route=\/wp\/v2\/tribe_events"}],"about":[{"href":"https:\/\/asakroken.sv7.se\/index.php?rest_route=\/wp\/v2\/types\/tribe_events"}],"author":[{"embeddable":true,"href":"https:\/\/asakroken.sv7.se\/index.php?rest_route=\/wp\/v2\/users\/2"}],"replies":[{"embeddable":true,"href":"https:\/\/asakroken.sv7.se\/index.php?rest_route=%2Fwp%2Fv2%2Fcomments&post=414"}],"version-history":[{"count":4,"href":"https:\/\/asakroken.sv7.se\/index.php?rest_route=\/wp\/v2\/tribe_events\/414\/revisions"}],"predecessor-version":[{"id":427,"href":"https:\/\/asakroken.sv7.se\/index.php?rest_route=\/wp\/v2\/tribe_events\/414\/revisions\/427"}],"wp:attachment":[{"href":"https:\/\/asakroken.sv7.se\/index.php?rest_route=%2Fwp%2Fv2%2Fmedia&parent=414"}],"wp:term":[{"taxonomy":"post_tag","embeddable":true,"href":"https:\/\/asakroken.sv7.se\/index.php?rest_route=%2Fwp%2Fv2%2Ftags&post=414"},{"taxonomy":"tribe_events_cat","embeddable":true,"href":"https:\/\/asakroken.sv7.se\/index.php?rest_route=%2Fwp%2Fv2%2Ftribe_events_cat&post=414"}],"curies":[{"name":"wp","href":"https:\/\/api.w.org\/{rel}","templated":true}]}}